{"id":413,"date":"2025-03-04T15:08:58","date_gmt":"2025-03-04T20:08:58","guid":{"rendered":"https:\/\/www.britorestaurante.com\/a-propos\/"},"modified":"2025-07-08T16:08:43","modified_gmt":"2025-07-08T16:08:43","slug":"a-propos","status":"publish","type":"page","link":"https:\/\/www.britorestaurante.com\/fr\/a-propos\/","title":{"rendered":"\u00e0 propos"},"content":{"rendered":"\t\t<div data-elementor-type=\"wp-page\" data-elementor-id=\"413\" class=\"elementor elementor-413 elementor-208\" data-elementor-post-type=\"page\">\n\t\t\t\t<div class=\"elementor-element elementor-element-4a03b38 abt-sec01 e-flex e-con-boxed e-con e-parent\" data-id=\"4a03b38\" data-element_type=\"container\" data-e-type=\"container\">\n\t\t\t\t\t<div class=\"e-con-inner\">\n\t\t\t\t<div class=\"elementor-element elementor-element-5e5c2cc elementor-widget elementor-widget-heading\" data-id=\"5e5c2cc\" data-element_type=\"widget\" data-e-type=\"widget\" data-widget_type=\"heading.default\">\n\t\t\t\t<div class=\"elementor-widget-container\">\n\t\t\t\t\t<h2 class=\"elementor-heading-title elementor-size-default\">\u00c0 propos \u2013 Une exp\u00e9rience gastronomique d\u2019exception au c\u0153ur de la for\u00eat de nuages de Mindo<\/h2>\t\t\t\t<\/div>\n\t\t\t\t<\/div>\n\t\t\t\t<div class=\"elementor-element elementor-element-cbe127b elementor-widget elementor-widget-text-editor\" data-id=\"cbe127b\" data-element_type=\"widget\" data-e-type=\"widget\" data-widget_type=\"text-editor.default\">\n\t\t\t\t<div class=\"elementor-widget-container\">\n\t\t\t\t\t\t\t\t\t<p><strong>Brito Restaurante<\/strong> est une destination gastronomique d\u2019exception situ\u00e9e au sein de la propri\u00e9t\u00e9 boutique <em>Las Terrazas de Dana Boutique Lodge &amp; Spa<\/em>, \u00e0 seulement quelques minutes du centre de Mindo, en \u00c9quateur.<\/p><p>Nich\u00e9e dans la biodiversit\u00e9 luxuriante de la for\u00eat de nuages andine, notre table offre une exp\u00e9rience culinaire intime qui allie nature, cr\u00e9ativit\u00e9 et service raffin\u00e9 \u2014 une r\u00e9f\u00e9rence parmi les <strong>restaurants \u00e0 Mindo<\/strong> pour ceux qui recherchent \u00e9l\u00e9gance et saveurs.<\/p><p>Que vous soyez client de notre lodge ou visiteur \u00e0 la recherche d\u2019un moment gastronomique extraordinaire, Brito Restaurante vous accueille <strong>uniquement sur r\u00e9servation<\/strong>.<\/p><p>Notre concept de <em>cuisine ouverte<\/em> vous invite au c\u0153ur du processus culinaire, o\u00f9 les saveurs de l\u2019\u00c9quateur et du monde entier s\u2019unissent en parfaite harmonie. Le choix id\u00e9al pour les voyageurs en qu\u00eate d\u2019un <strong>restaurant \u00e0 Mindo<\/strong> unique pour savourer une cuisine gastronomique dans un cadre naturel \u00e0 couper le souffle.<\/p>\t\t\t\t\t\t\t\t<\/div>\n\t\t\t\t<\/div>\n\t\t\t\t\t<\/div>\n\t\t\t\t<\/div>\n\t\t<div class=\"elementor-element elementor-element-b0ad494 abt-sec02 e-flex e-con-boxed e-con e-parent\" data-id=\"b0ad494\" data-element_type=\"container\" data-e-type=\"container\">\n\t\t\t\t\t<div class=\"e-con-inner\">\n\t\t<div class=\"elementor-element elementor-element-7733ca3 e-con-full e-flex e-con e-child\" data-id=\"7733ca3\" data-element_type=\"container\" data-e-type=\"container\">\n\t\t\t\t<div class=\"elementor-element elementor-element-49be231 animated-slow elementor-invisible elementor-widget elementor-widget-image\" data-id=\"49be231\" data-element_type=\"widget\" data-e-type=\"widget\" data-settings=\"{&quot;_animation&quot;:&quot;fadeInUp&quot;}\" data-widget_type=\"image.default\">\n\t\t\t\t<div class=\"elementor-widget-container\">\n\t\t\t\t\t\t\t\t\t\t\t\t\t\t\t<img fetchpriority=\"high\" decoding=\"async\" width=\"1104\" height=\"1522\" src=\"https:\/\/www.britorestaurante.com\/wp-content\/uploads\/2025\/07\/image1.jpg\" class=\"attachment-full size-full wp-image-725\" alt=\"\" srcset=\"https:\/\/www.britorestaurante.com\/wp-content\/uploads\/2025\/07\/image1.jpg 1104w, https:\/\/www.britorestaurante.com\/wp-content\/uploads\/2025\/07\/image1-218x300.jpg 218w, https:\/\/www.britorestaurante.com\/wp-content\/uploads\/2025\/07\/image1-743x1024.jpg 743w, https:\/\/www.britorestaurante.com\/wp-content\/uploads\/2025\/07\/image1-768x1059.jpg 768w\" sizes=\"(max-width: 1104px) 100vw, 1104px\" \/>\t\t\t\t\t\t\t\t\t\t\t\t\t\t\t<\/div>\n\t\t\t\t<\/div>\n\t\t\t\t<\/div>\n\t\t<div class=\"elementor-element elementor-element-de3f21c e-con-full e-flex e-con e-child\" data-id=\"de3f21c\" data-element_type=\"container\" data-e-type=\"container\">\n\t\t\t\t<div class=\"elementor-element elementor-element-5acab39 elementor-widget elementor-widget-text-editor\" data-id=\"5acab39\" data-element_type=\"widget\" data-e-type=\"widget\" data-widget_type=\"text-editor.default\">\n\t\t\t\t<div class=\"elementor-widget-container\">\n\t\t\t\t\t\t\t\t\t<h2>\ud83c\udf1fQui est Joaqu\u00edn Espejo<\/h2><h3>Formation et Parcours Professionnel<\/h3><ul><li>N\u00e9 \u00e0 <strong>Ag\u00fcimes (Grande Canarie)<\/strong> en 1980, il s\u2019est form\u00e9 comme <em>Technicien Sup\u00e9rieur en Arts Culinaires<\/em> \u00e0 <strong>San Crist\u00f3bal de Las Palmas<\/strong> (1999), o\u00f9 il a acquis une base solide en techniques classiques tout en int\u00e9grant les tendances culinaires modernes.<\/li><li>Il a d\u00e9but\u00e9 sa carri\u00e8re en 2001 au <strong>Caf\u00e9 de Oriente<\/strong> \u00e0 Madrid. Apr\u00e8s avoir acquis une pr\u00e9cieuse exp\u00e9rience dans des <em>restaurants \u00e9toil\u00e9s Michelin<\/em> et des <em>h\u00f4tels de luxe<\/em> \u00e0 travers l\u2019Espagne, il est devenu Chef Ex\u00e9cutif de l\u2019<strong>H\u00f4tel Palacio de Meng\u00edbar<\/strong> (Ja\u00e9n), poste qu\u2019il a occup\u00e9 pendant quatre ans, dirigeant de grandes \u00e9quipes et \u00e9laborant des menus d\u00e9gustation innovants.<\/li><li>De 2005 \u00e0 2007, il a \u00e9t\u00e9 formateur \u00e0 l\u2019<strong>\u00c9cole d\u2019H\u00f4tellerie Fundaci\u00f3n Cruzcampo<\/strong>, o\u00f9 il a encadr\u00e9 de jeunes chefs et contribu\u00e9 \u00e0 des programmes \u00e9ducatifs ax\u00e9s sur la durabilit\u00e9 et la cr\u00e9ativit\u00e9 en cuisine.<\/li><li>Il a collabor\u00e9 au livre <em>Cerveza a la Carta<\/em> ainsi qu\u2019\u00e0 une \u00e9mission de radio gastronomique sur <strong>Onda Ja\u00e9n<\/strong>, o\u00f9 il a explor\u00e9 les accords mets et bi\u00e8res, les produits de saison et la culture culinaire locale.<\/li><li>Il a particip\u00e9 \u00e0 des \u00e9v\u00e9nements professionnels tels que <strong>Alimensur (2006)<\/strong>, <strong>Ecoliva (2008)<\/strong> et le <strong>concours Chef de l\u2019Ann\u00e9e (Barcelone 2007)<\/strong>, renfor\u00e7ant ainsi sa r\u00e9putation aupr\u00e8s de ses pairs.<\/li><li>Il a concouru trois fois au <em>Chef de l\u2019Ann\u00e9e<\/em> : <strong>2e place<\/strong> en f\u00e9vrier 2010, <strong>3e place<\/strong> en juin 2011 et \u00e0 nouveau <strong>2e place<\/strong> en f\u00e9vrier 2013, recevant une reconnaissance nationale pour sa ma\u00eetrise technique et son approche originale de la cuisine r\u00e9gionale.<\/li><li>En 2012, il a fond\u00e9 <strong>Moorea Cocina Taller<\/strong> \u00e0 Las Palmas de Gran Canaria, son projet le plus personnel, o\u00f9 il a d\u00e9fini sa cuisine comme<br \/><q>naturelle, en harmonie avec l\u2019environnement, interpr\u00e9tant les ingr\u00e9dients pour en extraire l\u2019essence\u2026 en innovant sans oublier notre histoire<\/q>. Il y a cr\u00e9\u00e9 des exp\u00e9riences gastronomiques immersives mettant en valeur la richesse des produits locaux avec une vision globale.<\/li><\/ul>\t\t\t\t\t\t\t\t<\/div>\n\t\t\t\t<\/div>\n\t\t\t\t<\/div>\n\t\t\t\t\t<\/div>\n\t\t\t\t<\/div>\n\t\t<div class=\"elementor-element elementor-element-b356407 abt-sec03 e-flex e-con-boxed e-con e-parent\" data-id=\"b356407\" data-element_type=\"container\" data-e-type=\"container\">\n\t\t\t\t\t<div class=\"e-con-inner\">\n\t\t<div class=\"elementor-element elementor-element-34f456a e-con-full e-flex e-con e-child\" data-id=\"34f456a\" data-element_type=\"container\" data-e-type=\"container\">\n\t\t\t\t<div class=\"elementor-element elementor-element-94568e2 elementor-widget elementor-widget-text-editor\" data-id=\"94568e2\" data-element_type=\"widget\" data-e-type=\"widget\" data-widget_type=\"text-editor.default\">\n\t\t\t\t<div class=\"elementor-widget-container\">\n\t\t\t\t\t\t\t\t\t<h3>Prix et Distinctions<\/h3><ul><li><strong>2013 :<\/strong> Chef R\u00e9v\u00e9lation des \u00celes Canaries et 1 Soleil Repsol, r\u00e9compens\u00e9 pour son utilisation distinctive des produits locaux et sa cr\u00e9ativit\u00e9 audacieuse en cuisine moderne.<\/li><li><strong>2014 :<\/strong> Meilleur Chef des \u00celes Canaries et 2 Soleils Repsol ; a particip\u00e9 \u00e0 <em>Top Chef<\/em> (Saison 2), o\u00f9 ses techniques innovantes et son leadership calme ont marqu\u00e9 les esprits.<\/li><li><strong>2015 :<\/strong> Meilleur Chef Cr\u00e9atif des \u00celes Canaries, en reconnaissance de son exploration continue de nouveaux langages culinaires et de concepts avant-gardistes.<\/li><li><strong>2017 :<\/strong> Moorea recommand\u00e9 dans le Guide Michelin, confirmant sa place parmi les chefs les plus respect\u00e9s de la r\u00e9gion.<\/li><li><strong>Actuellement :<\/strong> Chef Ex\u00e9cutif de l\u2019<strong>Arrecife Gran Hotel &amp; Spa *****<\/strong>, supervisant <em>La Buena Vida<\/em>, <em>Blue17<\/em>, le <em>Buffet<\/em> et le restaurant gastronomique <em>Alarz<\/em>, o\u00f9 il continue de diriger avec vision, pr\u00e9cision et passion.<\/li><\/ul><p>\u00a0<\/p><p>D\u00e8s ses d\u00e9buts, Joaqu\u00edn Espejo s\u2019est impos\u00e9 comme un talent \u00e9mergent et innovant : un jeune chef studieux et exp\u00e9rimentateur, qui pousse la cuisine conventionnelle aux limites de l\u2019imagination, selon le critique gastronomique Mario Hern\u00e1ndez Bueno dans <em>La Provincia<\/em>, le 15 septembre 2012.<\/p><p>En juin 2014, Rafael Ans\u00f3n, pr\u00e9sident de la <em>Real Academia Espa\u00f1ola de Gastronom\u00eda<\/em>, l\u2019a d\u00e9crit comme l\u2019un des chefs les plus int\u00e9ressants de la sc\u00e8ne nationale, apr\u00e8s avoir constat\u00e9 une \u00e9volution remarquable et des cr\u00e9ations authentiques.<\/p><p>Trois ans plus tard, en avril 2017, il a de nouveau salu\u00e9 le travail d\u2019Espejo comme une <q>cuisine de libert\u00e9<\/q>, soulignant sa capacit\u00e9 \u00e0 transcender les fronti\u00e8res r\u00e9gionales pour proposer une vision culinaire cr\u00e9ative et v\u00e9ritablement spectaculaire.<\/p>\t\t\t\t\t\t\t\t<\/div>\n\t\t\t\t<\/div>\n\t\t\t\t<div class=\"elementor-element elementor-element-c9da7cd animated-slow elementor-invisible elementor-widget elementor-widget-image\" data-id=\"c9da7cd\" data-element_type=\"widget\" data-e-type=\"widget\" data-settings=\"{&quot;_animation&quot;:&quot;zoomIn&quot;}\" data-widget_type=\"image.default\">\n\t\t\t\t<div class=\"elementor-widget-container\">\n\t\t\t\t\t\t\t\t\t\t\t\t\t\t\t<img decoding=\"async\" width=\"500\" height=\"251\" src=\"https:\/\/www.britorestaurante.com\/wp-content\/uploads\/2025\/07\/abt-logo.jpg\" class=\"attachment-full size-full wp-image-784\" alt=\"\" srcset=\"https:\/\/www.britorestaurante.com\/wp-content\/uploads\/2025\/07\/abt-logo.jpg 500w, https:\/\/www.britorestaurante.com\/wp-content\/uploads\/2025\/07\/abt-logo-300x151.jpg 300w\" sizes=\"(max-width: 500px) 100vw, 500px\" \/>\t\t\t\t\t\t\t\t\t\t\t\t\t\t\t<\/div>\n\t\t\t\t<\/div>\n\t\t\t\t<\/div>\n\t\t<div class=\"elementor-element elementor-element-313d3cd e-con-full e-flex e-con e-child\" data-id=\"313d3cd\" data-element_type=\"container\" data-e-type=\"container\">\n\t\t\t\t<div class=\"elementor-element elementor-element-f9cd920 animated-slow elementor-invisible elementor-widget elementor-widget-image\" data-id=\"f9cd920\" data-element_type=\"widget\" data-e-type=\"widget\" data-settings=\"{&quot;_animation&quot;:&quot;fadeInUp&quot;}\" data-widget_type=\"image.default\">\n\t\t\t\t<div class=\"elementor-widget-container\">\n\t\t\t\t\t\t\t\t\t\t\t\t\t\t\t<img decoding=\"async\" width=\"1024\" height=\"1536\" src=\"https:\/\/www.britorestaurante.com\/wp-content\/uploads\/2025\/07\/image2.jpg\" class=\"attachment-full size-full wp-image-729\" alt=\"\" srcset=\"https:\/\/www.britorestaurante.com\/wp-content\/uploads\/2025\/07\/image2.jpg 1024w, https:\/\/www.britorestaurante.com\/wp-content\/uploads\/2025\/07\/image2-200x300.jpg 200w, https:\/\/www.britorestaurante.com\/wp-content\/uploads\/2025\/07\/image2-683x1024.jpg 683w, https:\/\/www.britorestaurante.com\/wp-content\/uploads\/2025\/07\/image2-768x1152.jpg 768w\" sizes=\"(max-width: 1024px) 100vw, 1024px\" \/>\t\t\t\t\t\t\t\t\t\t\t\t\t\t\t<\/div>\n\t\t\t\t<\/div>\n\t\t\t\t<\/div>\n\t\t\t\t\t<\/div>\n\t\t\t\t<\/div>\n\t\t\t\t<\/div>\n\t\t","protected":false},"excerpt":{"rendered":"<p>\u00c0 propos \u2013 Une exp\u00e9rience gastronomique d\u2019exception au c\u0153ur de la for\u00eat de nuages de Mindo Brito Restaurante est une destination gastronomique d\u2019exception situ\u00e9e au sein de la propri\u00e9t\u00e9 boutique Las Terrazas de Dana Boutique Lodge &amp; Spa, \u00e0 seulement quelques minutes du centre de Mindo, en \u00c9quateur. Nich\u00e9e dans la biodiversit\u00e9 luxuriante de la [&hellip;]<\/p>\n","protected":false},"author":1,"featured_media":0,"parent":0,"menu_order":0,"comment_status":"closed","ping_status":"closed","template":"","meta":{"footnotes":""},"class_list":["post-413","page","type-page","status-publish","hentry"],"_links":{"self":[{"href":"https:\/\/www.britorestaurante.com\/fr\/wp-json\/wp\/v2\/pages\/413","targetHints":{"allow":["GET"]}}],"collection":[{"href":"https:\/\/www.britorestaurante.com\/fr\/wp-json\/wp\/v2\/pages"}],"about":[{"href":"https:\/\/www.britorestaurante.com\/fr\/wp-json\/wp\/v2\/types\/page"}],"author":[{"embeddable":true,"href":"https:\/\/www.britorestaurante.com\/fr\/wp-json\/wp\/v2\/users\/1"}],"replies":[{"embeddable":true,"href":"https:\/\/www.britorestaurante.com\/fr\/wp-json\/wp\/v2\/comments?post=413"}],"version-history":[{"count":9,"href":"https:\/\/www.britorestaurante.com\/fr\/wp-json\/wp\/v2\/pages\/413\/revisions"}],"predecessor-version":[{"id":835,"href":"https:\/\/www.britorestaurante.com\/fr\/wp-json\/wp\/v2\/pages\/413\/revisions\/835"}],"wp:attachment":[{"href":"https:\/\/www.britorestaurante.com\/fr\/wp-json\/wp\/v2\/media?parent=413"}],"curies":[{"name":"wp","href":"https:\/\/api.w.org\/{rel}","templated":true}]}}